{"id":1799,"date":"2016-11-17T11:42:29","date_gmt":"2016-11-17T11:42:29","guid":{"rendered":"https:\/\/www.morchem.com\/news\/"},"modified":"2017-04-25T11:06:59","modified_gmt":"2017-04-25T10:06:59","slug":"news","status":"publish","type":"page","link":"https:\/\/www.morchem.com\/de\/news\/","title":{"rendered":"News"},"content":{"rendered":"<div  class='av-alb-blogposts template-blog  av-blog-meta-author-disabled av-blog-meta-comments-disabled av-blog-meta-date-disabled av-blog-meta-html-info-disabled av-blog-meta-tag-disabled '  itemscope=\"itemscope\" itemtype=\"https:\/\/schema.org\/Blog\" ><article class=\"post-entry post-entry-type-standard post-entry-8311 post-loop-1 post-parity-odd single-big  post-8311 post type-post status-publish format-standard hentry category-news-de category-noticias-de\"  itemscope=\"itemscope\" itemtype=\"https:\/\/schema.org\/BlogPosting\" ><div class=\"blog-meta\"><\/div><div class='entry-content-wrapper clearfix standard-content'><header class=\"entry-content-header\" aria-label=\"Post: MORCHEM \u2013 REFLEXIONEN NACH DER TECHTEXTIL 2026\"><div class=\"av-heading-wrapper\"><span class=\"blog-categories minor-meta\"><a href=\"https:\/\/www.morchem.com\/de\/category\/news-de\/\" rel=\"tag\">News<\/a>, <a href=\"https:\/\/www.morchem.com\/de\/category\/noticias-de\/\" rel=\"tag\">Noticias<\/a><\/span><h2 class='post-title entry-title '  itemprop=\"headline\" ><a href=\"https:\/\/www.morchem.com\/de\/morchem-reflexionen-nach-der-techtextil-2026\/\" rel=\"bookmark\" title=\"Permanenter Link zu: MORCHEM \u2013 REFLEXIONEN NACH DER TECHTEXTIL 2026\">MORCHEM \u2013 REFLEXIONEN NACH DER TECHTEXTIL 2026<span class=\"post-format-icon minor-meta\"><\/span><\/a><\/h2><\/div><\/header><span class=\"av-vertical-delimiter\"><\/span><div class=\"entry-content\"  itemprop=\"text\" ><section  class='av_textblock_section av-moie49cw-a07bbc59ad2dd0a7fcc43a4db7152d64 '   itemscope=\"itemscope\" itemtype=\"https:\/\/schema.org\/BlogPosting\" ><div class='avia_textblock'  itemprop=\"text\" ><p>Im Laufe von vier Tagen f\u00fchrten wir bedeutungsvolle Gespr\u00e4che, kn\u00fcpften neue Kontakte und erkundeten Konzepte mit Blick in die Zukunft.<br \/>\nDie Techtextil hat erneut ihre Position als f\u00fchrende Plattform f\u00fcr textile Innovationen unter Beweis gestellt \u2013 ein Raum, in dem Durchbr\u00fcche sichtbar werden, getragen von engagierter Forschung.<br \/>\nDiese Innovationen ebnen den Weg f\u00fcr neue Anwendungen und M\u00e4rkte und unterst\u00fctzen deren kontinuierliches Wachstum.<br \/>\nWir sind \u00fcberzeugt, dass die w\u00e4hrend der Techtextil gewonnenen Ideen und Eindr\u00fccke weit \u00fcber die Veranstaltung hinaus nachhaltige Wirkung zeigen werden.<br \/>\nVielen Dank f\u00fcr Ihren Besuch an unserem Stand auf der Techtextil.<\/p>\n<p><img loading=\"lazy\" decoding=\"async\" class=\"size-portfolio wp-image-8309 aligncenter\" src=\"https:\/\/www.morchem.com\/wp-content\/uploads\/2026\/04\/FOTO_4-495x400.jpeg\" alt=\"\" width=\"495\" height=\"400\" srcset=\"https:\/\/www.morchem.com\/wp-content\/uploads\/2026\/04\/FOTO_4-495x400.jpeg 495w, https:\/\/www.morchem.com\/wp-content\/uploads\/2026\/04\/FOTO_4-845x684.jpeg 845w\" sizes=\"auto, (max-width: 495px) 100vw, 495px\" \/>\u00a0 \u00a0 <img loading=\"lazy\" decoding=\"async\" class=\"size-portfolio wp-image-8310 aligncenter\" src=\"https:\/\/www.morchem.com\/wp-content\/uploads\/2026\/04\/FOTO_2-495x400.jpeg\" alt=\"\" width=\"495\" height=\"400\" srcset=\"https:\/\/www.morchem.com\/wp-content\/uploads\/2026\/04\/FOTO_2-495x400.jpeg 495w, https:\/\/www.morchem.com\/wp-content\/uploads\/2026\/04\/FOTO_2-845x684.jpeg 845w\" sizes=\"auto, (max-width: 495px) 100vw, 495px\" \/><\/p>\n<\/div><\/section>\n<\/div><span class=\"post-meta-infos\"><\/span><footer class=\"entry-footer\"><\/footer><div class='post_delimiter'><\/div><\/div><div class=\"post_author_timeline\"><\/div><span class='hidden'>\n\t\t\t\t<span class='av-structured-data'  itemprop=\"image\" itemscope=\"itemscope\" itemtype=\"https:\/\/schema.org\/ImageObject\" >\n\t\t\t\t\t\t<span itemprop='url'>https:\/\/www.morchem.com\/wp-content\/uploads\/2021\/05\/morchem-logo-web.jpg<\/span>\n\t\t\t\t\t\t<span itemprop='height'>0<\/span>\n\t\t\t\t\t\t<span itemprop='width'>0<\/span>\n\t\t\t\t<\/span>\n\t\t\t\t<span class='av-structured-data'  itemprop=\"publisher\" itemtype=\"https:\/\/schema.org\/Organization\" itemscope=\"itemscope\" >\n\t\t\t\t\t\t<span itemprop='name'>birgit<\/span>\n\t\t\t\t\t\t<span itemprop='logo' itemscope itemtype='https:\/\/schema.org\/ImageObject'>\n\t\t\t\t\t\t\t<span itemprop='url'>https:\/\/www.morchem.com\/wp-content\/uploads\/2021\/05\/morchem-logo-web.jpg<\/span>\n\t\t\t\t\t\t<\/span>\n\t\t\t\t<\/span><span class='av-structured-data'  itemprop=\"author\" itemscope=\"itemscope\" itemtype=\"https:\/\/schema.org\/Person\" ><span itemprop='name'>birgit<\/span><\/span><span class='av-structured-data'  itemprop=\"datePublished\" datetime=\"2026-04-28T09:55:30+01:00\" >2026-04-28 09:55:30<\/span><span class='av-structured-data'  itemprop=\"dateModified\" itemtype=\"https:\/\/schema.org\/dateModified\" >2026-04-28 09:55:32<\/span><span class='av-structured-data'  itemprop=\"mainEntityOfPage\" itemtype=\"https:\/\/schema.org\/mainEntityOfPage\" ><span itemprop='name'>MORCHEM \u2013 REFLEXIONEN NACH DER TECHTEXTIL 2026<\/span><\/span><\/span><\/article><article class=\"post-entry post-entry-type-standard post-entry-8288 post-loop-2 post-parity-even single-big  post-8288 post type-post status-publish format-standard hentry category-news-de category-noticias-de\"  itemscope=\"itemscope\" itemtype=\"https:\/\/schema.org\/BlogPosting\" ><div class=\"blog-meta\"><\/div><div class='entry-content-wrapper clearfix standard-content'><header class=\"entry-content-header\" aria-label=\"Post: MORCHEM auf der INTERPACK 2026\"><div class=\"av-heading-wrapper\"><span class=\"blog-categories minor-meta\"><a href=\"https:\/\/www.morchem.com\/de\/category\/news-de\/\" rel=\"tag\">News<\/a>, <a href=\"https:\/\/www.morchem.com\/de\/category\/noticias-de\/\" rel=\"tag\">Noticias<\/a><\/span><h2 class='post-title entry-title '  itemprop=\"headline\" ><a href=\"https:\/\/www.morchem.com\/de\/morchem-auf-der-interpack-2026\/\" rel=\"bookmark\" title=\"Permanenter Link zu: MORCHEM auf der INTERPACK 2026\">MORCHEM auf der INTERPACK 2026<span class=\"post-format-icon minor-meta\"><\/span><\/a><\/h2><\/div><\/header><span class=\"av-vertical-delimiter\"><\/span><div class=\"entry-content\"  itemprop=\"text\" ><section  class='av_textblock_section av-mo8g7vuq-3aecad8381dacd608744e9cfd3e78bd3 '   itemscope=\"itemscope\" itemtype=\"https:\/\/schema.org\/BlogPosting\" ><div class='avia_textblock'  itemprop=\"text\" ><h2 style=\"text-align: center;\"><strong>&#x1f4cd; D\u00fcsseldorf, 7. &#8211; 13. \u00a0Mai, 2026<\/strong><\/h2>\n<p><strong>Morchem<\/strong> freut sich, wieder auf der INTERPACK vertreten zu sein, der weltweit f\u00fchrenden Veranstaltung der Verpackungsindustrie.<\/p>\n<p><strong>&#x1f52c;<\/strong><strong> Klebstoffinnovationen f\u00fcr die Herausforderungen von heute<\/strong><br \/>\nEntdecken Sie unsere neuesten L\u00f6sungen, die entwickelt wurden, um den sich wandelnden Anforderungen der Branche gerecht zu werden:<br \/>\n&#x2714;&#xfe0f; Nachhaltigere L\u00f6sungen<br \/>\n&#x2714;&#xfe0f; Hohe Leistungsf\u00e4higkeit in industriellen Prozessen<br \/>\n&#x2714;&#xfe0f; H\u00f6here Effizienz und verbesserte Endproduktqualit\u00e4t<\/p>\n<p>&#x1f680; <strong>Die Zukunft der Verpackung gestalten:<\/strong> Unser Ziel ist es, durch verantwortungsvollere und effizientere Technologien die Zukunft der Verpackungsindustrie aktiv mitzugestalten.<\/p>\n<h3>&#x1f3a4; <strong>Spotlight Forum | 8. Mai \u2013 11:40 Uhr<\/strong><\/h3>\n<p><strong>\u00a0\u00a0\u00a0\u00a0\u00a0 Thema des Tages: Ressourceneffizienz<\/strong><\/p>\n<p>Unsere CCO, Cristina Ventayol, pr\u00e4sentiert:<\/p>\n<h4 style=\"text-align: center;\"><strong>\u00a0\u00a0\u00a0\u00a0\u00a0 \u201eLaminierung der N\u00e4chsten Generation: Effiziente Chemie, Mehr Wert\u201c<br \/>\n<\/strong><\/h4>\n<p style=\"text-align: left;\">\u00a0\u00a0\u00a0\u00a0\u00a0 Einblicke in die Zukunft nachhaltiger Verpackungstechnologien.<\/p>\n<p style=\"text-align: center;\"><strong>Verpassen Sie es nicht!<\/strong><\/p>\n<p><img loading=\"lazy\" decoding=\"async\" class=\"alignnone size-large wp-image-8287\" src=\"https:\/\/www.morchem.com\/wp-content\/uploads\/2026\/04\/SPOTLIGHT-FORUM_HEAR-ME-SPEAK-1030x579.png\" alt=\"\" width=\"1030\" height=\"579\" srcset=\"https:\/\/www.morchem.com\/wp-content\/uploads\/2026\/04\/SPOTLIGHT-FORUM_HEAR-ME-SPEAK-1030x579.png 1030w, https:\/\/www.morchem.com\/wp-content\/uploads\/2026\/04\/SPOTLIGHT-FORUM_HEAR-ME-SPEAK-300x169.png 300w, https:\/\/www.morchem.com\/wp-content\/uploads\/2026\/04\/SPOTLIGHT-FORUM_HEAR-ME-SPEAK-768x432.png 768w, https:\/\/www.morchem.com\/wp-content\/uploads\/2026\/04\/SPOTLIGHT-FORUM_HEAR-ME-SPEAK-705x396.png 705w, https:\/\/www.morchem.com\/wp-content\/uploads\/2026\/04\/SPOTLIGHT-FORUM_HEAR-ME-SPEAK.png 1233w\" sizes=\"auto, (max-width: 1030px) 100vw, 1030px\" \/><\/p>\n<p>&#x1f4cd; <strong>Besuchen Sie uns in Halle 10 | Stand D80<br \/>\n<\/strong>Lassen Sie uns ins Gespr\u00e4ch kommen, Ideen austauschen und neue M\u00f6glichkeiten der Zusammenarbeit entdecken.<\/p>\n<\/div><\/section>\n<\/div><span class=\"post-meta-infos\"><\/span><footer class=\"entry-footer\"><\/footer><div class='post_delimiter'><\/div><\/div><div class=\"post_author_timeline\"><\/div><span class='hidden'>\n\t\t\t\t<span class='av-structured-data'  itemprop=\"image\" itemscope=\"itemscope\" itemtype=\"https:\/\/schema.org\/ImageObject\" >\n\t\t\t\t\t\t<span itemprop='url'>https:\/\/www.morchem.com\/wp-content\/uploads\/2021\/05\/morchem-logo-web.jpg<\/span>\n\t\t\t\t\t\t<span itemprop='height'>0<\/span>\n\t\t\t\t\t\t<span itemprop='width'>0<\/span>\n\t\t\t\t<\/span>\n\t\t\t\t<span class='av-structured-data'  itemprop=\"publisher\" itemtype=\"https:\/\/schema.org\/Organization\" itemscope=\"itemscope\" >\n\t\t\t\t\t\t<span itemprop='name'>birgit<\/span>\n\t\t\t\t\t\t<span itemprop='logo' itemscope itemtype='https:\/\/schema.org\/ImageObject'>\n\t\t\t\t\t\t\t<span itemprop='url'>https:\/\/www.morchem.com\/wp-content\/uploads\/2021\/05\/morchem-logo-web.jpg<\/span>\n\t\t\t\t\t\t<\/span>\n\t\t\t\t<\/span><span class='av-structured-data'  itemprop=\"author\" itemscope=\"itemscope\" itemtype=\"https:\/\/schema.org\/Person\" ><span itemprop='name'>birgit<\/span><\/span><span class='av-structured-data'  itemprop=\"datePublished\" datetime=\"2026-04-21T10:57:10+01:00\" >2026-04-21 10:57:10<\/span><span class='av-structured-data'  itemprop=\"dateModified\" itemtype=\"https:\/\/schema.org\/dateModified\" >2026-04-21 12:41:51<\/span><span class='av-structured-data'  itemprop=\"mainEntityOfPage\" itemtype=\"https:\/\/schema.org\/mainEntityOfPage\" ><span itemprop='name'>MORCHEM auf der INTERPACK 2026<\/span><\/span><\/span><\/article><article class=\"post-entry post-entry-type-standard post-entry-8273 post-loop-3 post-parity-odd single-big  post-8273 post type-post status-publish format-standard hentry category-news-de category-noticias-de\"  itemscope=\"itemscope\" itemtype=\"https:\/\/schema.org\/BlogPosting\" ><div class=\"blog-meta\"><\/div><div class='entry-content-wrapper clearfix standard-content'><header class=\"entry-content-header\" aria-label=\"Post: Besuch der Deutschen Schule Madrid im MORCHEM-Werk in Fontanar, Guadalajara\"><div class=\"av-heading-wrapper\"><span class=\"blog-categories minor-meta\"><a href=\"https:\/\/www.morchem.com\/de\/category\/news-de\/\" rel=\"tag\">News<\/a>, <a href=\"https:\/\/www.morchem.com\/de\/category\/noticias-de\/\" rel=\"tag\">Noticias<\/a><\/span><h2 class='post-title entry-title '  itemprop=\"headline\" ><a href=\"https:\/\/www.morchem.com\/de\/besuch-der-deutschen-schule-madrid-im-morchem-werk-in-fontanar-guadalajara\/\" rel=\"bookmark\" title=\"Permanenter Link zu: Besuch der Deutschen Schule Madrid im MORCHEM-Werk in Fontanar, Guadalajara\">Besuch der Deutschen Schule Madrid im MORCHEM-Werk in Fontanar, Guadalajara<span class=\"post-format-icon minor-meta\"><\/span><\/a><\/h2><\/div><\/header><span class=\"av-vertical-delimiter\"><\/span><div class=\"entry-content\"  itemprop=\"text\" ><section  class='av_textblock_section av-mo89296u-e0672f58d5fc9c48cddf26541214ac9b '   itemscope=\"itemscope\" itemtype=\"https:\/\/schema.org\/BlogPosting\" ><div class='avia_textblock'  itemprop=\"text\" ><p>Am Dienstag, den 14. April, hatte das Morchem-Werk in Fontanar das Vergn\u00fcgen, die Sch\u00fclerinnen und Sch\u00fcler der 12. Klasse der Deutschen Schule Madrid zu empfangen. Diese Aktivit\u00e4t ist Teil des Engagements des Unternehmens f\u00fcr die wissenschaftliche Bildungsarbeit und die Zusammenarbeit mit Bildungseinrichtungen.<\/p>\n<p>Die teilnehmenden Sch\u00fclerinnen und Sch\u00fcler, die von ihren jeweiligen Lehrkr\u00e4ften begleitet wurden, befinden sich derzeit in ihrem letzten Schuljahr. In dieser Phase sind sie intensiv mit der Vorbereitung und Durchf\u00fchrung ihrer Abschlusspr\u00fcfungen besch\u00e4ftigt, einem entscheidenden Abschnitt ihrer schulischen Laufbahn.<\/p>\n<p>Der Hauptgrund f\u00fcr den Besuch lag im Interesse der Sch\u00fclerinnen und Sch\u00fcler an der Chemie, da sie dieses Fach im Rahmen ihres Bildungswegs belegen. Dies weckte ihr Interesse, ein Unternehmen der chemischen Industrie wie Morchem n\u00e4her kennenzulernen und so die praktische Anwendung der Chemie aus erster Hand zu erleben.<\/p>\n<p>Der Tag begann mit einer Begr\u00fc\u00dfung und einer kurzen Unternehmenspr\u00e4sentation durch den CEO, Helmut Schaeidt. Anschlie\u00dfend nahmen die Sch\u00fclerinnen und Sch\u00fcler an einem fachlichen Vortrag teil, der das Produkt aus chemischer Perspektive beleuchtete. Danach folgte eine F\u00fchrung durch die Anlagen des Werks, bei der verschiedene Bereiche wie das Labor, der Kontrollraum und der Produktionsturm besichtigt wurden.<\/p>\n<p>Die Erfahrung erwies sich f\u00fcr beide Seiten als bereichernd. F\u00fcr die Sch\u00fclerinnen und Sch\u00fcler bot sie die Gelegenheit, einen Einblick in die industrielle Realit\u00e4t der chemischen Branche zu gewinnen, w\u00e4hrend es f\u00fcr MORCHEM eine Freude war, dazu beizutragen, das Interesse junger Menschen an der Chemie zu wecken oder zu festigen.<\/p>\n<p><strong>MORCHEM<\/strong> m\u00f6chte allen Sch\u00fclerinnen und Sch\u00fclern seine besten W\u00fcnsche \u00fcbermitteln und ihnen viel Erfolg bei ihren Abschlusspr\u00fcfungen w\u00fcnschen.<\/p>\n<p><img loading=\"lazy\" decoding=\"async\" class=\"alignnone size-large wp-image-8274\" src=\"https:\/\/www.morchem.com\/wp-content\/uploads\/2026\/04\/COLLAGE-2-1030x382.png\" alt=\"\" width=\"1030\" height=\"382\" srcset=\"https:\/\/www.morchem.com\/wp-content\/uploads\/2026\/04\/COLLAGE-2-1030x382.png 1030w, https:\/\/www.morchem.com\/wp-content\/uploads\/2026\/04\/COLLAGE-2-300x111.png 300w, https:\/\/www.morchem.com\/wp-content\/uploads\/2026\/04\/COLLAGE-2-768x285.png 768w, https:\/\/www.morchem.com\/wp-content\/uploads\/2026\/04\/COLLAGE-2-1536x570.png 1536w, https:\/\/www.morchem.com\/wp-content\/uploads\/2026\/04\/COLLAGE-2-2048x760.png 2048w, https:\/\/www.morchem.com\/wp-content\/uploads\/2026\/04\/COLLAGE-2-1500x557.png 1500w, https:\/\/www.morchem.com\/wp-content\/uploads\/2026\/04\/COLLAGE-2-705x262.png 705w\" sizes=\"auto, (max-width: 1030px) 100vw, 1030px\" \/><\/p>\n<\/div><\/section>\n<\/div><span class=\"post-meta-infos\"><\/span><footer class=\"entry-footer\"><\/footer><div class='post_delimiter'><\/div><\/div><div class=\"post_author_timeline\"><\/div><span class='hidden'>\n\t\t\t\t<span class='av-structured-data'  itemprop=\"image\" itemscope=\"itemscope\" itemtype=\"https:\/\/schema.org\/ImageObject\" >\n\t\t\t\t\t\t<span itemprop='url'>https:\/\/www.morchem.com\/wp-content\/uploads\/2021\/05\/morchem-logo-web.jpg<\/span>\n\t\t\t\t\t\t<span itemprop='height'>0<\/span>\n\t\t\t\t\t\t<span itemprop='width'>0<\/span>\n\t\t\t\t<\/span>\n\t\t\t\t<span class='av-structured-data'  itemprop=\"publisher\" itemtype=\"https:\/\/schema.org\/Organization\" itemscope=\"itemscope\" >\n\t\t\t\t\t\t<span itemprop='name'>birgit<\/span>\n\t\t\t\t\t\t<span itemprop='logo' itemscope itemtype='https:\/\/schema.org\/ImageObject'>\n\t\t\t\t\t\t\t<span itemprop='url'>https:\/\/www.morchem.com\/wp-content\/uploads\/2021\/05\/morchem-logo-web.jpg<\/span>\n\t\t\t\t\t\t<\/span>\n\t\t\t\t<\/span><span class='av-structured-data'  itemprop=\"author\" itemscope=\"itemscope\" itemtype=\"https:\/\/schema.org\/Person\" ><span itemprop='name'>birgit<\/span><\/span><span class='av-structured-data'  itemprop=\"datePublished\" datetime=\"2026-04-21T07:36:10+01:00\" >2026-04-21 07:36:10<\/span><span class='av-structured-data'  itemprop=\"dateModified\" itemtype=\"https:\/\/schema.org\/dateModified\" >2026-04-21 07:36:12<\/span><span class='av-structured-data'  itemprop=\"mainEntityOfPage\" itemtype=\"https:\/\/schema.org\/mainEntityOfPage\" ><span itemprop='name'>Besuch der Deutschen Schule Madrid im MORCHEM-Werk in Fontanar, Guadalajara<\/span><\/span><\/span><\/article><article class=\"post-entry post-entry-type-standard post-entry-8257 post-loop-4 post-parity-even single-big  post-8257 post type-post status-publish format-standard hentry category-news-de category-noticias-de\"  itemscope=\"itemscope\" itemtype=\"https:\/\/schema.org\/BlogPosting\" ><div class=\"blog-meta\"><\/div><div class='entry-content-wrapper clearfix standard-content'><header class=\"entry-content-header\" aria-label=\"Post: Teilnahme von MORCHEM an der TECHTEXTIL 2026\"><div class=\"av-heading-wrapper\"><span class=\"blog-categories minor-meta\"><a href=\"https:\/\/www.morchem.com\/de\/category\/news-de\/\" rel=\"tag\">News<\/a>, <a href=\"https:\/\/www.morchem.com\/de\/category\/noticias-de\/\" rel=\"tag\">Noticias<\/a><\/span><h2 class='post-title entry-title '  itemprop=\"headline\" ><a href=\"https:\/\/www.morchem.com\/de\/teilnahme-von-morchem-an-der-techtextil-2026\/\" rel=\"bookmark\" title=\"Permanenter Link zu: Teilnahme von MORCHEM an der TECHTEXTIL 2026\">Teilnahme von MORCHEM an der TECHTEXTIL 2026<span class=\"post-format-icon minor-meta\"><\/span><\/a><\/h2><\/div><\/header><span class=\"av-vertical-delimiter\"><\/span><div class=\"entry-content\"  itemprop=\"text\" ><section  class='av_textblock_section av-mo2okt44-bb569e785449cd3a9b4763adaecca068 '   itemscope=\"itemscope\" itemtype=\"https:\/\/schema.org\/BlogPosting\" ><div class='avia_textblock'  itemprop=\"text\" ><p>Wir freuen uns, mitteilen zu k\u00f6nnen, dass <strong>MORCHEM<\/strong> erneut auf der kommenden Ausgabe der TECHTEXTIL-Messe vertreten sein wird, die als eine der wichtigsten Veranstaltungen f\u00fcr den Bereich der technischen Textilien und Vliesstoffe gilt. Diese Veranstaltung bietet eine hervorragende Gelegenheit, unsere neuesten Innovationen zu pr\u00e4sentieren und gemeinsam mit Fachleuten aus der ganzen Welt unsere Marktposition zu st\u00e4rken.<\/p>\n<p>W\u00e4hrend der Messe wird <strong>MORCHEM<\/strong> seine neuesten L\u00f6sungen vorstellen, die darauf abzielen, zur Weiterentwicklung der Branche beizutragen. Dar\u00fcber hinaus m\u00f6chten wir neue Kooperationen aufbauen und unser Fachwissen mit den Besuchern teilen, um ein Umfeld f\u00fcr professionellen Austausch und Branchenwachstum zu f\u00f6rdern.<\/p>\n<p>Wir laden Sie herzlich ein, uns an unserem <strong>Stand 11.D80<\/strong> zu besuchen. Dort haben Sie die M\u00f6glichkeit, unsere L\u00f6sungen aus erster Hand kennenzulernen und zu entdecken, wie wir zum Fortschritt der Branche beitragen k\u00f6nnen. Wir freuen uns darauf, Sie dort zu sehen und diese einzigartige Erfahrung gemeinsam zu teilen!<\/p>\n<p>Bis bald in Frankfurt!<\/p>\n<p><img loading=\"lazy\" decoding=\"async\" class=\"size-full wp-image-8256 aligncenter\" src=\"https:\/\/www.morchem.com\/wp-content\/uploads\/2026\/04\/Captura-de-pantalla-2026-04-17-104551.png\" alt=\"\" width=\"457\" height=\"583\" srcset=\"https:\/\/www.morchem.com\/wp-content\/uploads\/2026\/04\/Captura-de-pantalla-2026-04-17-104551.png 457w, https:\/\/www.morchem.com\/wp-content\/uploads\/2026\/04\/Captura-de-pantalla-2026-04-17-104551-235x300.png 235w\" sizes=\"auto, (max-width: 457px) 100vw, 457px\" \/><\/p>\n<\/div><\/section>\n<\/div><span class=\"post-meta-infos\"><\/span><footer class=\"entry-footer\"><\/footer><div class='post_delimiter'><\/div><\/div><div class=\"post_author_timeline\"><\/div><span class='hidden'>\n\t\t\t\t<span class='av-structured-data'  itemprop=\"image\" itemscope=\"itemscope\" itemtype=\"https:\/\/schema.org\/ImageObject\" >\n\t\t\t\t\t\t<span itemprop='url'>https:\/\/www.morchem.com\/wp-content\/uploads\/2021\/05\/morchem-logo-web.jpg<\/span>\n\t\t\t\t\t\t<span itemprop='height'>0<\/span>\n\t\t\t\t\t\t<span itemprop='width'>0<\/span>\n\t\t\t\t<\/span>\n\t\t\t\t<span class='av-structured-data'  itemprop=\"publisher\" itemtype=\"https:\/\/schema.org\/Organization\" itemscope=\"itemscope\" >\n\t\t\t\t\t\t<span itemprop='name'>birgit<\/span>\n\t\t\t\t\t\t<span itemprop='logo' itemscope itemtype='https:\/\/schema.org\/ImageObject'>\n\t\t\t\t\t\t\t<span itemprop='url'>https:\/\/www.morchem.com\/wp-content\/uploads\/2021\/05\/morchem-logo-web.jpg<\/span>\n\t\t\t\t\t\t<\/span>\n\t\t\t\t<\/span><span class='av-structured-data'  itemprop=\"author\" itemscope=\"itemscope\" itemtype=\"https:\/\/schema.org\/Person\" ><span itemprop='name'>birgit<\/span><\/span><span class='av-structured-data'  itemprop=\"datePublished\" datetime=\"2026-04-17T10:03:54+01:00\" >2026-04-17 10:03:54<\/span><span class='av-structured-data'  itemprop=\"dateModified\" itemtype=\"https:\/\/schema.org\/dateModified\" >2026-04-17 10:03:56<\/span><span class='av-structured-data'  itemprop=\"mainEntityOfPage\" itemtype=\"https:\/\/schema.org\/mainEntityOfPage\" ><span itemprop='name'>Teilnahme von MORCHEM an der TECHTEXTIL 2026<\/span><\/span><\/span><\/article><article class=\"post-entry post-entry-type-standard post-entry-8240 post-loop-5 post-parity-odd single-big  post-8240 post type-post status-publish format-standard hentry category-news-de category-noticias-de\"  itemscope=\"itemscope\" itemtype=\"https:\/\/schema.org\/BlogPosting\" ><div class=\"blog-meta\"><\/div><div class='entry-content-wrapper clearfix standard-content'><header class=\"entry-content-header\" aria-label=\"Post: Morchem Innovation Day:\"><div class=\"av-heading-wrapper\"><span class=\"blog-categories minor-meta\"><a href=\"https:\/\/www.morchem.com\/de\/category\/news-de\/\" rel=\"tag\">News<\/a>, <a href=\"https:\/\/www.morchem.com\/de\/category\/noticias-de\/\" rel=\"tag\">Noticias<\/a><\/span><h2 class='post-title entry-title '  itemprop=\"headline\" ><a href=\"https:\/\/www.morchem.com\/de\/morchem-innovation-day\/\" rel=\"bookmark\" title=\"Permanenter Link zu: Morchem Innovation Day:\">Morchem Innovation Day:<span class=\"post-format-icon minor-meta\"><\/span><\/a><\/h2><\/div><\/header><span class=\"av-vertical-delimiter\"><\/span><div class=\"entry-content\"  itemprop=\"text\" ><section  class='av_textblock_section av-mng3zo37-6041244ed75add524a52afb9dcd3b08a '   itemscope=\"itemscope\" itemtype=\"https:\/\/schema.org\/BlogPosting\" ><div class='avia_textblock'  itemprop=\"text\" ><h2 style=\"text-align: center;\">Ein kollaboratives Branchenevent<\/h2>\n<h4 style=\"text-align: center;\">Highlights aus dem JW Marriott Hotel Istanbul Marmara Sea, 26.03.2026<\/h4>\n<p>Am vergangenen Donnerstag, den 26. M\u00e4rz, hatten wir die Freude, den Morchem Innovation Day im JW Marriott Hotel Istanbul Marmara Sea auszurichten. Die Veranstaltung brachte Fachleute aus der gesamten Branche zu einem Tag zusammen, der der Zusammenarbeit und dem Austausch von Fachwissen gewidmet war.<\/p>\n<p>In Zusammenarbeit mit <strong>FASD <\/strong>organisiert, konzentrierte sich der Innovation Day auf zentrale Markttrends, L\u00f6sungen zur Steigerung der Produktivit\u00e4t, aktuelle regulatorische Entwicklungen sowie die Nachhaltigkeitsherausforderungen, die die Branche derzeit pr\u00e4gen.<\/p>\n<p>Dieses Treffen st\u00e4rkt das Engagement von <strong>Morchem<\/strong>, eine f\u00fchrende Position in der Branche zu behaupten, weiter. Es erm\u00f6glicht uns, kontinuierlich herausragende Produkte und Dienstleistungen anzubieten, die auf die sich st\u00e4ndig wandelnden Bed\u00fcrfnisse unserer Kunden zugeschnitten sind.<\/p>\n<p>Wir m\u00f6chten auch unseren Partnern <strong>Comexi<\/strong> und <strong>Druckfarben<\/strong> f\u00fcr ihre aufschlussreichen Pr\u00e4sentationen und wertvollen Beitr\u00e4ge im Laufe des Tages danken sowie allen Teilnehmerinnen und Teilnehmern des MORCHEM Innovation Day unseren aufrichtigen Dank aussprechen.<\/p>\n<p>Ihre Anwesenheit und Mitwirkung haben ma\u00dfgeblich zum Erfolg der Veranstaltung beigetragen und dazu beigetragen, eine Atmosph\u00e4re der Zusammenarbeit und des Lernens zu schaffen. Vielen Dank, dass Sie sich die Zeit genommen und Ihre Expertise in unsere gemeinsamen Diskussionen eingebracht haben.<\/p>\n<p><img loading=\"lazy\" decoding=\"async\" class=\"alignnone size-large wp-image-8241\" src=\"https:\/\/www.morchem.com\/wp-content\/uploads\/2026\/04\/COLLAGE_FASD_2-1-2-1030x470.png\" alt=\"\" width=\"1030\" height=\"470\" srcset=\"https:\/\/www.morchem.com\/wp-content\/uploads\/2026\/04\/COLLAGE_FASD_2-1-2-1030x470.png 1030w, https:\/\/www.morchem.com\/wp-content\/uploads\/2026\/04\/COLLAGE_FASD_2-1-2-300x137.png 300w, https:\/\/www.morchem.com\/wp-content\/uploads\/2026\/04\/COLLAGE_FASD_2-1-2-768x350.png 768w, https:\/\/www.morchem.com\/wp-content\/uploads\/2026\/04\/COLLAGE_FASD_2-1-2-1536x700.png 1536w, https:\/\/www.morchem.com\/wp-content\/uploads\/2026\/04\/COLLAGE_FASD_2-1-2-2048x934.png 2048w, https:\/\/www.morchem.com\/wp-content\/uploads\/2026\/04\/COLLAGE_FASD_2-1-2-1500x684.png 1500w, https:\/\/www.morchem.com\/wp-content\/uploads\/2026\/04\/COLLAGE_FASD_2-1-2-705x321.png 705w\" sizes=\"auto, (max-width: 1030px) 100vw, 1030px\" \/><\/p>\n<\/div><\/section>\n<\/div><span class=\"post-meta-infos\"><\/span><footer class=\"entry-footer\"><\/footer><div class='post_delimiter'><\/div><\/div><div class=\"post_author_timeline\"><\/div><span class='hidden'>\n\t\t\t\t<span class='av-structured-data'  itemprop=\"image\" itemscope=\"itemscope\" itemtype=\"https:\/\/schema.org\/ImageObject\" >\n\t\t\t\t\t\t<span itemprop='url'>https:\/\/www.morchem.com\/wp-content\/uploads\/2021\/05\/morchem-logo-web.jpg<\/span>\n\t\t\t\t\t\t<span itemprop='height'>0<\/span>\n\t\t\t\t\t\t<span itemprop='width'>0<\/span>\n\t\t\t\t<\/span>\n\t\t\t\t<span class='av-structured-data'  itemprop=\"publisher\" itemtype=\"https:\/\/schema.org\/Organization\" itemscope=\"itemscope\" >\n\t\t\t\t\t\t<span itemprop='name'>birgit<\/span>\n\t\t\t\t\t\t<span itemprop='logo' itemscope itemtype='https:\/\/schema.org\/ImageObject'>\n\t\t\t\t\t\t\t<span itemprop='url'>https:\/\/www.morchem.com\/wp-content\/uploads\/2021\/05\/morchem-logo-web.jpg<\/span>\n\t\t\t\t\t\t<\/span>\n\t\t\t\t<\/span><span class='av-structured-data'  itemprop=\"author\" itemscope=\"itemscope\" itemtype=\"https:\/\/schema.org\/Person\" ><span itemprop='name'>birgit<\/span><\/span><span class='av-structured-data'  itemprop=\"datePublished\" datetime=\"2026-04-01T14:56:56+01:00\" >2026-04-01 14:56:56<\/span><span class='av-structured-data'  itemprop=\"dateModified\" itemtype=\"https:\/\/schema.org\/dateModified\" >2026-04-01 14:56:59<\/span><span class='av-structured-data'  itemprop=\"mainEntityOfPage\" itemtype=\"https:\/\/schema.org\/mainEntityOfPage\" ><span itemprop='name'>Morchem Innovation Day:<\/span><\/span><\/span><\/article><article class=\"post-entry post-entry-type-standard post-entry-8180 post-loop-6 post-parity-even single-big  post-8180 post type-post status-publish format-standard hentry category-news-de category-noticias-de\"  itemscope=\"itemscope\" itemtype=\"https:\/\/schema.org\/BlogPosting\" ><div class=\"blog-meta\"><\/div><div class='entry-content-wrapper clearfix standard-content'><header class=\"entry-content-header\" aria-label=\"Post: MORCHEM \u2013 Technischer Workshop in Bogot\u00e1\"><div class=\"av-heading-wrapper\"><span class=\"blog-categories minor-meta\"><a href=\"https:\/\/www.morchem.com\/de\/category\/news-de\/\" rel=\"tag\">News<\/a>, <a href=\"https:\/\/www.morchem.com\/de\/category\/noticias-de\/\" rel=\"tag\">Noticias<\/a><\/span><h2 class='post-title entry-title '  itemprop=\"headline\" ><a href=\"https:\/\/www.morchem.com\/de\/morchem-technischer-workshop-in-bogota\/\" rel=\"bookmark\" title=\"Permanenter Link zu: MORCHEM \u2013 Technischer Workshop in Bogot\u00e1\">MORCHEM \u2013 Technischer Workshop in Bogot\u00e1<span class=\"post-format-icon minor-meta\"><\/span><\/a><\/h2><\/div><\/header><span class=\"av-vertical-delimiter\"><\/span><div class=\"entry-content\"  itemprop=\"text\" ><section  class='av_textblock_section av-mmkmata5-9fd1e10757ec235f0d932f417629ffdc '   itemscope=\"itemscope\" itemtype=\"https:\/\/schema.org\/BlogPosting\" ><div class='avia_textblock'  itemprop=\"text\" ><h2><strong>Expansion und Zusammenarbeit im Bereich flexibler Verpackungen in Kolumbien<\/strong><\/h2>\n<p>Letzte Woche hatte MORCHEM die Gelegenheit, an einem wichtigen technischen Workshop in Bogot\u00e1 teilzunehmen \u2013 gemeinsam mit LEMBER, einem renommierten Anbieter in der Branche. Die Veranstaltung brachte Kunden aus dem Bereich der flexiblen Verpackungen in Kolumbien zusammen und st\u00e4rkte die Pr\u00e4senz von MORCHEM auf dem lokalen Markt.<\/p>\n<h3><strong>Neue Zusammenarbeit zwischen Morchem und Lember<\/strong><\/h3>\n<p>W\u00e4hrend der Veranstaltung wurde bekannt gegeben, dass Lember, ein Spezialist f\u00fcr Flexodruckfarben, k\u00fcnftig die Klebstoffe von Morchem in Kolumbien vertreiben wird. Dieser Schritt markiert den Beginn einer neuen Phase der Zusammenarbeit zwischen beiden Unternehmen. Den Teilnehmern wurde diese Partnerschaft vorgestellt und das gemeinsame Engagement betont, die Bed\u00fcrfnisse des Sektors noch besser zu erf\u00fcllen.<\/p>\n<h3><strong>Ablauf des technischen Workshops<\/strong><\/h3>\n<p>Der Workshop zeichnete sich durch seine Dynamik und die aktive Teilnahme der Kunden sowie der Teams von MORCHEM und Lember aus. Relevantes technisches Wissen wurde geteilt, aktuelle Markttrends wurden analysiert und M\u00f6glichkeiten f\u00fcr zuk\u00fcnftige Kooperationen wurden identifiziert. Dieser Austausch trug dazu bei, die Beziehungen zwischen den Unternehmen und ihren Kunden zu st\u00e4rken und Innovation sowie kontinuierliche Verbesserung im Bereich flexibler Verpackungen zu f\u00f6rdern.<\/p>\n<h3><strong>Engagement f\u00fcr den lokalen Markt<\/strong><\/h3>\n<p>Diese Art von Initiativen unterstreicht MORCHEMS Engagement f\u00fcr den kolumbianischen Markt und die Zusammenarbeit mit lokalen Partnern wie Lember. Dank dieser Strategie werden die Verf\u00fcgbarkeit von Lagerbest\u00e4nden sowie eine schnelle technische Unterst\u00fctzung f\u00fcr die Kunden sichergestellt, wodurch die Servicequalit\u00e4t und die Reaktionsf\u00e4higkeit auf Kundenbed\u00fcrfnisse verbessert werden.<\/p>\n<h3><strong>Danksagung<\/strong><\/h3>\n<p>MORCHEM bedankt sich beim Team von Lember f\u00fcr die hervorragende Organisation des Workshops sowie bei allen Kunden, die teilgenommen und zum Erfolg der Veranstaltung beigetragen haben.<\/p>\n<p><img loading=\"lazy\" decoding=\"async\" class=\"alignnone size-large wp-image-8181\" src=\"https:\/\/www.morchem.com\/wp-content\/uploads\/2026\/03\/COLLAGE_JORNADA-TECNICA-BOGOTA-1-1030x562.png\" alt=\"\" width=\"1030\" height=\"562\" srcset=\"https:\/\/www.morchem.com\/wp-content\/uploads\/2026\/03\/COLLAGE_JORNADA-TECNICA-BOGOTA-1-1030x562.png 1030w, https:\/\/www.morchem.com\/wp-content\/uploads\/2026\/03\/COLLAGE_JORNADA-TECNICA-BOGOTA-1-300x164.png 300w, https:\/\/www.morchem.com\/wp-content\/uploads\/2026\/03\/COLLAGE_JORNADA-TECNICA-BOGOTA-1-768x419.png 768w, https:\/\/www.morchem.com\/wp-content\/uploads\/2026\/03\/COLLAGE_JORNADA-TECNICA-BOGOTA-1-1536x839.png 1536w, https:\/\/www.morchem.com\/wp-content\/uploads\/2026\/03\/COLLAGE_JORNADA-TECNICA-BOGOTA-1-2048x1118.png 2048w, https:\/\/www.morchem.com\/wp-content\/uploads\/2026\/03\/COLLAGE_JORNADA-TECNICA-BOGOTA-1-1500x819.png 1500w, https:\/\/www.morchem.com\/wp-content\/uploads\/2026\/03\/COLLAGE_JORNADA-TECNICA-BOGOTA-1-705x385.png 705w\" sizes=\"auto, (max-width: 1030px) 100vw, 1030px\" \/><\/p>\n<\/div><\/section>\n<section  class='av_textblock_section av-3q4a1g-407fa06cfc1e90c6910fd28542cd79d5 '   itemscope=\"itemscope\" itemtype=\"https:\/\/schema.org\/BlogPosting\" ><div class='avia_textblock'  itemprop=\"text\" ><p>Click here to add your own text<\/p>\n<\/div><\/section>\n<\/div><span class=\"post-meta-infos\"><\/span><footer class=\"entry-footer\"><\/footer><div class='post_delimiter'><\/div><\/div><div class=\"post_author_timeline\"><\/div><span class='hidden'>\n\t\t\t\t<span class='av-structured-data'  itemprop=\"image\" itemscope=\"itemscope\" itemtype=\"https:\/\/schema.org\/ImageObject\" >\n\t\t\t\t\t\t<span itemprop='url'>https:\/\/www.morchem.com\/wp-content\/uploads\/2021\/05\/morchem-logo-web.jpg<\/span>\n\t\t\t\t\t\t<span itemprop='height'>0<\/span>\n\t\t\t\t\t\t<span itemprop='width'>0<\/span>\n\t\t\t\t<\/span>\n\t\t\t\t<span class='av-structured-data'  itemprop=\"publisher\" itemtype=\"https:\/\/schema.org\/Organization\" itemscope=\"itemscope\" >\n\t\t\t\t\t\t<span itemprop='name'>birgit<\/span>\n\t\t\t\t\t\t<span itemprop='logo' itemscope itemtype='https:\/\/schema.org\/ImageObject'>\n\t\t\t\t\t\t\t<span itemprop='url'>https:\/\/www.morchem.com\/wp-content\/uploads\/2021\/05\/morchem-logo-web.jpg<\/span>\n\t\t\t\t\t\t<\/span>\n\t\t\t\t<\/span><span class='av-structured-data'  itemprop=\"author\" itemscope=\"itemscope\" itemtype=\"https:\/\/schema.org\/Person\" ><span itemprop='name'>birgit<\/span><\/span><span class='av-structured-data'  itemprop=\"datePublished\" datetime=\"2026-03-10T14:00:43+01:00\" >2026-03-10 14:00:43<\/span><span class='av-structured-data'  itemprop=\"dateModified\" itemtype=\"https:\/\/schema.org\/dateModified\" >2026-03-10 14:00:44<\/span><span class='av-structured-data'  itemprop=\"mainEntityOfPage\" itemtype=\"https:\/\/schema.org\/mainEntityOfPage\" ><span itemprop='name'>MORCHEM \u2013 Technischer Workshop in Bogot\u00e1<\/span><\/span><\/span><\/article><article class=\"post-entry post-entry-type-standard post-entry-7983 post-loop-7 post-parity-odd single-big  post-7983 post type-post status-publish format-standard hentry category-news-de category-noticias-de\"  itemscope=\"itemscope\" itemtype=\"https:\/\/schema.org\/BlogPosting\" ><div class=\"blog-meta\"><\/div><div class='entry-content-wrapper clearfix standard-content'><header class=\"entry-content-header\" aria-label=\"Post: \"><div class=\"av-heading-wrapper\"><span class=\"blog-categories minor-meta\"><a href=\"https:\/\/www.morchem.com\/de\/category\/news-de\/\" rel=\"tag\">News<\/a>, <a href=\"https:\/\/www.morchem.com\/de\/category\/noticias-de\/\" rel=\"tag\">Noticias<\/a><\/span><\/div><\/header><span class=\"av-vertical-delimiter\"><\/span><div class=\"entry-content\"  itemprop=\"text\" ><section  class='av_textblock_section av-mls3owsx-81113fdbc4da2c51edd2980f0578fcd8 '   itemscope=\"itemscope\" itemtype=\"https:\/\/schema.org\/BlogPosting\" ><div class='avia_textblock'  itemprop=\"text\" ><h1>MORCHEM International Sales Meeting 2026 in Alcal\u00e1 de Henares<\/h1>\n<p>Das <strong>International Sales Meeting 2026<\/strong> fand im Parador von Alcal\u00e1 de Henares statt und war ein voller Erfolg. Das Treffen brachte unser weltweites Vertriebsteam zusammen und bot eine hervorragende Gelegenheit zum Wissensaustausch, zur Zusammenarbeit und zur strategischen Planung.<\/p>\n<h2>Tag Eins: Strategischer Ausblick, Market\u00fcberblick und Expertenvortrag<\/h2>\n<p>Der erste Konferenztag begann mit einer \u00dcbersicht \u00fcber den Strategic Plan 2030, wodurch das Engagement der Organisation f\u00fcr nachhaltiges Wachstum, Innovation und datenbasierte Entscheidungsfindung bekr\u00e4ftigt wurde. Damit wurde eine solide Grundlage geschaffen, um die Wettbewerbsf\u00e4higkeit weiter zu st\u00e4rken, Nachhaltigkeitsinitiativen zu beschleunigen und Branchenver\u00e4nderungen fr\u00fchzeitig zu antizipieren. Anschlie\u00dfend folgte eine umfassende Zusammenfassung aller Marktbereiche, die den Teilnehmenden ein klares Bild der aktuellen Marktsituation vermittelte.<\/p>\n<p>Der Tag wurde mit einem \u00e4u\u00dferst spannenden Vortrag von Anja Holthoff-Schlegel, Direktorin f\u00fcr Statistik &amp; Marktanalyse bei der Flexible Packaging Europe Association, fortgesetzt. Ihre Ausf\u00fchrungen boten wertvolle Einblicke in die neuesten Trends und Daten innerhalb des Sektors f\u00fcr flexible Verpackungen.<\/p>\n<h2>Tag Zwei: Praktische Anwendung and Vertiefende Schulung<\/h2>\n<p>Die Agenda des zweiten Tages konzentrierte sich auf eine praxisorientierte Sitzung rund um M365, mit besonderem Schwerpunkt auf der Nutzung von \u201eCopilot\u201c. Dieser praxisnahe Ansatz erm\u00f6glichte es den Teilnehmenden, ihr Verst\u00e4ndnis und die Anwendung der Funktionen der Plattform zu vertiefen. Anschlie\u00dfend profitierten die Anwesenden von der \u201eMaster Class Commercial\u201c \u2013 einer spezialisierten Schulung unter der Leitung von Dr. I\u00f1igo Gallo, Marketingprofessor an der IESE Business School, die ihre kommerziellen Kompetenzen weiter st\u00e4rkte.<\/p>\n<h2>Tag Drei: Strategischer Abschluss und Innovation<\/h2>\n<p>Der dritte und letzte Tag bot eine umfassende Zusammenfassung und behandelte zentrale Themen wie Wettbewerb und Marktstudien, Qualit\u00e4ts-Highlights, Neuproduktentwicklungen sowie Innovationen. Diese abschlie\u00dfende Sitzung stellte sicher, dass alle Teilnehmenden mit einem klaren Verst\u00e4ndnis des aktuellen Wettbewerbsumfelds und der neuesten Produkt- und Qualit\u00e4tsentwicklungen nach Hause gingen.<\/p>\n<h2>Networking and Team Building<\/h2>\n<p>Neben den formellen Sitzungen und Arbeitseinheiten genoss das Team gemeinsame Abendessen in entspannter Atmosph\u00e4re \u2013 eine willkommene Gelegenheit, Beziehungen zu st\u00e4rken und den Teamgeist au\u00dferhalb des Arbeitsumfelds zu f\u00f6rdern.<\/p>\n<h2>Fazit<\/h2>\n<p>Insgesamt erreichte das International Sales Meeting 2026 seine Ziele, indem es wertvolle Einblicke vermittelte, praxisnahe Schulungen bot sowie Innovation und Zusammenarbeit im Team f\u00f6rderte \u2013 und somit zu einer \u00e4u\u00dferst erfolgreichen Veranstaltung wurde.<\/p>\n<\/div><\/section>\n<\/div><span class=\"post-meta-infos\"><\/span><footer class=\"entry-footer\"><\/footer><div class='post_delimiter'><\/div><\/div><div class=\"post_author_timeline\"><\/div><span class='hidden'>\n\t\t\t\t<span class='av-structured-data'  itemprop=\"image\" itemscope=\"itemscope\" itemtype=\"https:\/\/schema.org\/ImageObject\" >\n\t\t\t\t\t\t<span itemprop='url'>https:\/\/www.morchem.com\/wp-content\/uploads\/2021\/05\/morchem-logo-web.jpg<\/span>\n\t\t\t\t\t\t<span itemprop='height'>0<\/span>\n\t\t\t\t\t\t<span itemprop='width'>0<\/span>\n\t\t\t\t<\/span>\n\t\t\t\t<span class='av-structured-data'  itemprop=\"publisher\" itemtype=\"https:\/\/schema.org\/Organization\" itemscope=\"itemscope\" >\n\t\t\t\t\t\t<span itemprop='name'>birgit<\/span>\n\t\t\t\t\t\t<span itemprop='logo' itemscope itemtype='https:\/\/schema.org\/ImageObject'>\n\t\t\t\t\t\t\t<span itemprop='url'>https:\/\/www.morchem.com\/wp-content\/uploads\/2021\/05\/morchem-logo-web.jpg<\/span>\n\t\t\t\t\t\t<\/span>\n\t\t\t\t<\/span><span class='av-structured-data'  itemprop=\"author\" itemscope=\"itemscope\" itemtype=\"https:\/\/schema.org\/Person\" ><span itemprop='name'>birgit<\/span><\/span><span class='av-structured-data'  itemprop=\"datePublished\" datetime=\"2026-02-18T15:03:33+01:00\" >2026-02-18 15:03:33<\/span><span class='av-structured-data'  itemprop=\"dateModified\" itemtype=\"https:\/\/schema.org\/dateModified\" >2026-02-18 15:05:23<\/span><span class='av-structured-data'  itemprop=\"mainEntityOfPage\" itemtype=\"https:\/\/schema.org\/mainEntityOfPage\" ><span itemprop='name'><\/span><\/span><\/span><\/article><article class=\"post-entry post-entry-type-standard post-entry-7899 post-loop-8 post-parity-even single-big  post-7899 post type-post status-publish format-standard hentry category-news-de category-noticias-de\"  itemscope=\"itemscope\" itemtype=\"https:\/\/schema.org\/BlogPosting\" ><div class=\"blog-meta\"><\/div><div class='entry-content-wrapper clearfix standard-content'><header class=\"entry-content-header\" aria-label=\"Post: MORCHEM &#8211; 40-J\u00c4HRIGES JUBIL\u00c4UM\"><div class=\"av-heading-wrapper\"><span class=\"blog-categories minor-meta\"><a href=\"https:\/\/www.morchem.com\/de\/category\/news-de\/\" rel=\"tag\">News<\/a>, <a href=\"https:\/\/www.morchem.com\/de\/category\/noticias-de\/\" rel=\"tag\">Noticias<\/a><\/span><h2 class='post-title entry-title '  itemprop=\"headline\" ><a href=\"https:\/\/www.morchem.com\/de\/morchem-40-jaehriges-jubilaeum\/\" rel=\"bookmark\" title=\"Permanenter Link zu: MORCHEM &#8211; 40-J\u00c4HRIGES JUBIL\u00c4UM\">MORCHEM &#8211; 40-J\u00c4HRIGES JUBIL\u00c4UM<span class=\"post-format-icon minor-meta\"><\/span><\/a><\/h2><\/div><\/header><span class=\"av-vertical-delimiter\"><\/span><div class=\"entry-content\"  itemprop=\"text\" ><section  class='av_textblock_section av-mgz3hfag-e057f4a466d21cd88f299ff539fb22f3 '   itemscope=\"itemscope\" itemtype=\"https:\/\/schema.org\/BlogPosting\" ><div class='avia_textblock'  itemprop=\"text\" ><h2 style=\"text-align: center;\">1985 &#8211; 2025<\/h2>\n<p>Am 20. September feierten wir stolz das 40-j\u00e4hrige Jubil\u00e4um der Gr\u00fcndung von MORCHEM.<\/p>\n<p>Alle Morchem-Mitarbeiter \u2013 aus unserer Zentrale in Spanien sowie unsere Kollegen aus ganz Europa, Indien und den USA \u2013 waren eingeladen, an diesem besonderen Anlass teilzunehmen.<\/p>\n<p>Wir versammelten unsere gro\u00dfe Morchem-Familie zu einem Besuch der Bodegas Torres, einem renommierten Weingut in der N\u00e4he von Barcelona, gefolgt von einem festlichen Mittagessen in der Finca Elyssia von Freixenet.<\/p>\n<p>Die Veranstaltung wurde von Live-Musik eines talentierten Quartetts und einem Zauberer begleitet, der die G\u00e4ste w\u00e4hrend des Aperitifs unterhielt. Nach dem Essen hielt unser CEO, Herr Helmut Schaeidt, eine inspirierende Rede, in der er auf die Erfolge des Unternehmens in den letzten 40 Jahren zur\u00fcckblickte und seine Vision f\u00fcr die kommenden Jahrzehnte skizzierte, begleitet von einer beeindruckenden visuellen Pr\u00e4sentation.<\/p>\n<p>Er bedankte sich nicht nur beim gesamten Morchem-Team f\u00fcr sein unerm\u00fcdliches Engagement in den letzten 40 Jahren, sondern betonte auch die Bedeutung wichtiger Werte wie vorbildlicher Kundenservice, Exzellenz, langfristiges Engagement, Teamarbeit, Effizienz, Innovation, Integrit\u00e4t und nachhaltige mittel- bis langfristige Rentabilit\u00e4t.<\/p>\n<p>Helmut Schaeidt skizzierte eine klare Vision f\u00fcr die kommenden Jahre: \u201eDer technologische Ma\u00dfstab f\u00fcr Klebstoffe und Laminierbeschichtungen zu sein.\u201c<\/p>\n<p>Geleitet von diesen Grundwerten sind wir bestrebt, unsere globale Pr\u00e4senz auszubauen, die Branche in Sachen Innovation anzuf\u00fchren und agil und effizient zu reagieren.<\/p>\n<p>\u201eIch m\u00f6chte Sie alle ermutigen, dieses neue Kapitel mit Begeisterung, Stolz und Teamgeist anzugehen. Jeder von Ihnen ist ein wichtiger Teil dieser Reise\u201c, schloss Helmut Schaeidt.<\/p>\n<p>Wir beginnen diese Reise mit neuer Zuversicht und Optimismus f\u00fcr die Zukunft!<\/p>\n<p>Die Atmosph\u00e4re war den ganzen Tag \u00fcber wirklich fantastisch, alle kamen miteinander ins Gespr\u00e4ch, tauschten Geschichten aus und genossen gemeinsam die Feier.<\/p>\n<p>Wir freuen uns auf die n\u00e4chsten 40 Jahre voller Innovation, Wachstum und Teamwork bei MORCHEM!<\/p>\n<p><img loading=\"lazy\" decoding=\"async\" class=\"alignnone size-large wp-image-7888\" src=\"https:\/\/www.morchem.com\/wp-content\/uploads\/2025\/10\/FOTO_GRUPO-1030x600.png\" alt=\"\" width=\"1030\" height=\"600\" srcset=\"https:\/\/www.morchem.com\/wp-content\/uploads\/2025\/10\/FOTO_GRUPO-1030x600.png 1030w, https:\/\/www.morchem.com\/wp-content\/uploads\/2025\/10\/FOTO_GRUPO-300x175.png 300w, https:\/\/www.morchem.com\/wp-content\/uploads\/2025\/10\/FOTO_GRUPO-768x448.png 768w, https:\/\/www.morchem.com\/wp-content\/uploads\/2025\/10\/FOTO_GRUPO-705x411.png 705w, https:\/\/www.morchem.com\/wp-content\/uploads\/2025\/10\/FOTO_GRUPO.png 1081w\" sizes=\"auto, (max-width: 1030px) 100vw, 1030px\" \/><\/p>\n<\/div><\/section>\n<\/div><span class=\"post-meta-infos\"><\/span><footer class=\"entry-footer\"><\/footer><div class='post_delimiter'><\/div><\/div><div class=\"post_author_timeline\"><\/div><span class='hidden'>\n\t\t\t\t<span class='av-structured-data'  itemprop=\"image\" itemscope=\"itemscope\" itemtype=\"https:\/\/schema.org\/ImageObject\" >\n\t\t\t\t\t\t<span itemprop='url'>https:\/\/www.morchem.com\/wp-content\/uploads\/2021\/05\/morchem-logo-web.jpg<\/span>\n\t\t\t\t\t\t<span itemprop='height'>0<\/span>\n\t\t\t\t\t\t<span itemprop='width'>0<\/span>\n\t\t\t\t<\/span>\n\t\t\t\t<span class='av-structured-data'  itemprop=\"publisher\" itemtype=\"https:\/\/schema.org\/Organization\" itemscope=\"itemscope\" >\n\t\t\t\t\t\t<span itemprop='name'>birgit<\/span>\n\t\t\t\t\t\t<span itemprop='logo' itemscope itemtype='https:\/\/schema.org\/ImageObject'>\n\t\t\t\t\t\t\t<span itemprop='url'>https:\/\/www.morchem.com\/wp-content\/uploads\/2021\/05\/morchem-logo-web.jpg<\/span>\n\t\t\t\t\t\t<\/span>\n\t\t\t\t<\/span><span class='av-structured-data'  itemprop=\"author\" itemscope=\"itemscope\" itemtype=\"https:\/\/schema.org\/Person\" ><span itemprop='name'>birgit<\/span><\/span><span class='av-structured-data'  itemprop=\"datePublished\" datetime=\"2025-10-20T13:12:21+01:00\" >2025-10-20 13:12:21<\/span><span class='av-structured-data'  itemprop=\"dateModified\" itemtype=\"https:\/\/schema.org\/dateModified\" >2025-10-20 13:12:23<\/span><span class='av-structured-data'  itemprop=\"mainEntityOfPage\" itemtype=\"https:\/\/schema.org\/mainEntityOfPage\" ><span itemprop='name'>MORCHEM &#8211; 40-J\u00c4HRIGES JUBIL\u00c4UM<\/span><\/span><\/span><\/article><article class=\"post-entry post-entry-type-standard post-entry-7874 post-loop-9 post-parity-odd single-big  post-7874 post type-post status-publish format-standard hentry category-news-de category-noticias-de\"  itemscope=\"itemscope\" itemtype=\"https:\/\/schema.org\/BlogPosting\" ><div class=\"blog-meta\"><\/div><div class='entry-content-wrapper clearfix standard-content'><header class=\"entry-content-header\" aria-label=\"Post: FACHPACK N\u00fcrnberg 2025 \u2013 Eine erfolgreiche Messe geht zu Ende\"><div class=\"av-heading-wrapper\"><span class=\"blog-categories minor-meta\"><a href=\"https:\/\/www.morchem.com\/de\/category\/news-de\/\" rel=\"tag\">News<\/a>, <a href=\"https:\/\/www.morchem.com\/de\/category\/noticias-de\/\" rel=\"tag\">Noticias<\/a><\/span><h2 class='post-title entry-title '  itemprop=\"headline\" ><a href=\"https:\/\/www.morchem.com\/de\/fachpack-nuernberg-2025-eine-erfolgreiche-messe-geht-zu-ende\/\" rel=\"bookmark\" title=\"Permanenter Link zu: FACHPACK N\u00fcrnberg 2025 \u2013 Eine erfolgreiche Messe geht zu Ende\">FACHPACK N\u00fcrnberg 2025 \u2013 Eine erfolgreiche Messe geht zu Ende<span class=\"post-format-icon minor-meta\"><\/span><\/a><\/h2><\/div><\/header><span class=\"av-vertical-delimiter\"><\/span><div class=\"entry-content\"  itemprop=\"text\" ><section  class='av_textblock_section av-mgf44tsq-eacc90128db119c4a54e4aa7996cfe08 '   itemscope=\"itemscope\" itemtype=\"https:\/\/schema.org\/BlogPosting\" ><div class='avia_textblock'  itemprop=\"text\" ><p>Nach drei inspirierenden Tagen voller spannender Gespr\u00e4che, neuer Impulse und wertvoller Begegnungen ist die <strong>FACHPACK 2025<\/strong> nun zu Ende gegangen.<\/p>\n<p>Wir hatten das Vergn\u00fcgen, mit Fachleuten aus der Branche \u00fcber aktuelle Herausforderungen und Innovationen im Bereich der <strong>flexiblen Verpackungen<\/strong> zu sprechen \u2013 und vor allem: Ihnen zuzuh\u00f6ren.<\/p>\n<p>Mit <strong>40 Jahren Erfahrung<\/strong> im Gep\u00e4ck danken wir Ihnen herzlich f\u00fcr Ihr Vertrauen, Ihre Unterst\u00fctzung und die bereichernden Gespr\u00e4che, die unseren Einsatz f\u00fcr die Branche best\u00e4rken.<\/p>\n<p><strong>Vielen Dank f\u00fcr Ihren Besuch \u2013 und bis bald!<\/strong><\/p>\n<p><img loading=\"lazy\" decoding=\"async\" class=\"alignnone size-large wp-image-7871\" src=\"https:\/\/www.morchem.com\/wp-content\/uploads\/2025\/10\/COLLAGE_Resized-1030x383.png\" alt=\"\" width=\"1030\" height=\"383\" srcset=\"https:\/\/www.morchem.com\/wp-content\/uploads\/2025\/10\/COLLAGE_Resized-1030x383.png 1030w, https:\/\/www.morchem.com\/wp-content\/uploads\/2025\/10\/COLLAGE_Resized-300x112.png 300w, https:\/\/www.morchem.com\/wp-content\/uploads\/2025\/10\/COLLAGE_Resized-768x285.png 768w, https:\/\/www.morchem.com\/wp-content\/uploads\/2025\/10\/COLLAGE_Resized-1536x571.png 1536w, https:\/\/www.morchem.com\/wp-content\/uploads\/2025\/10\/COLLAGE_Resized-1500x558.png 1500w, https:\/\/www.morchem.com\/wp-content\/uploads\/2025\/10\/COLLAGE_Resized-705x262.png 705w, https:\/\/www.morchem.com\/wp-content\/uploads\/2025\/10\/COLLAGE_Resized.png 1929w\" sizes=\"auto, (max-width: 1030px) 100vw, 1030px\" \/><\/p>\n<\/div><\/section>\n<\/div><span class=\"post-meta-infos\"><\/span><footer class=\"entry-footer\"><\/footer><div class='post_delimiter'><\/div><\/div><div class=\"post_author_timeline\"><\/div><span class='hidden'>\n\t\t\t\t<span class='av-structured-data'  itemprop=\"image\" itemscope=\"itemscope\" itemtype=\"https:\/\/schema.org\/ImageObject\" >\n\t\t\t\t\t\t<span itemprop='url'>https:\/\/www.morchem.com\/wp-content\/uploads\/2021\/05\/morchem-logo-web.jpg<\/span>\n\t\t\t\t\t\t<span itemprop='height'>0<\/span>\n\t\t\t\t\t\t<span itemprop='width'>0<\/span>\n\t\t\t\t<\/span>\n\t\t\t\t<span class='av-structured-data'  itemprop=\"publisher\" itemtype=\"https:\/\/schema.org\/Organization\" itemscope=\"itemscope\" >\n\t\t\t\t\t\t<span itemprop='name'>birgit<\/span>\n\t\t\t\t\t\t<span itemprop='logo' itemscope itemtype='https:\/\/schema.org\/ImageObject'>\n\t\t\t\t\t\t\t<span itemprop='url'>https:\/\/www.morchem.com\/wp-content\/uploads\/2021\/05\/morchem-logo-web.jpg<\/span>\n\t\t\t\t\t\t<\/span>\n\t\t\t\t<\/span><span class='av-structured-data'  itemprop=\"author\" itemscope=\"itemscope\" itemtype=\"https:\/\/schema.org\/Person\" ><span itemprop='name'>birgit<\/span><\/span><span class='av-structured-data'  itemprop=\"datePublished\" datetime=\"2025-10-06T13:34:56+01:00\" >2025-10-06 13:34:56<\/span><span class='av-structured-data'  itemprop=\"dateModified\" itemtype=\"https:\/\/schema.org\/dateModified\" >2025-10-06 13:34:59<\/span><span class='av-structured-data'  itemprop=\"mainEntityOfPage\" itemtype=\"https:\/\/schema.org\/mainEntityOfPage\" ><span itemprop='name'>FACHPACK N\u00fcrnberg 2025 \u2013 Eine erfolgreiche Messe geht zu Ende<\/span><\/span><\/span><\/article><article class=\"post-entry post-entry-type-standard post-entry-7851 post-loop-10 post-parity-even post-entry-last single-big  post-7851 post type-post status-publish format-standard hentry category-news-de category-noticias-de\"  itemscope=\"itemscope\" itemtype=\"https:\/\/schema.org\/BlogPosting\" ><div class=\"blog-meta\"><\/div><div class='entry-content-wrapper clearfix standard-content'><header class=\"entry-content-header\" aria-label=\"Post: MORCHEM pr\u00e4sentiert neueste Innovationen im Bereich Klebstoffe und Beschichtungen auf der FACHPACK 2025\"><div class=\"av-heading-wrapper\"><span class=\"blog-categories minor-meta\"><a href=\"https:\/\/www.morchem.com\/de\/category\/news-de\/\" rel=\"tag\">News<\/a>, <a href=\"https:\/\/www.morchem.com\/de\/category\/noticias-de\/\" rel=\"tag\">Noticias<\/a><\/span><h2 class='post-title entry-title '  itemprop=\"headline\" ><a href=\"https:\/\/www.morchem.com\/de\/morchem-praesentiert-neueste-innovationen-im-bereich-klebstoffe-und-beschichtungen-auf-der-fachpack-2025\/\" rel=\"bookmark\" title=\"Permanenter Link zu: MORCHEM pr\u00e4sentiert neueste Innovationen im Bereich Klebstoffe und Beschichtungen auf der FACHPACK 2025\">MORCHEM pr\u00e4sentiert neueste Innovationen im Bereich Klebstoffe und Beschichtungen auf der FACHPACK 2025<span class=\"post-format-icon minor-meta\"><\/span><\/a><\/h2><\/div><\/header><span class=\"av-vertical-delimiter\"><\/span><div class=\"entry-content\"  itemprop=\"text\" ><section  class='av_textblock_section av-metzb98y-9665ff8776dafd7de5bf3f979dbb042e '   itemscope=\"itemscope\" itemtype=\"https:\/\/schema.org\/BlogPosting\" ><div class='avia_textblock'  itemprop=\"text\" ><h3 style=\"text-align: center;\"><strong><em>23. bis 25. September im Messezentrum N\u00fcrnberg, Deutschland<\/em><\/strong><\/h3>\n<p><strong>MORCHEM<\/strong> wird erneut an der <strong>FACHPACK 2025<\/strong> teilnehmen, einer der f\u00fchrenden Fachmessen Europas f\u00fcr die Verpackungsindustrie, die vom 23. bis 25. September im Messezentrum N\u00fcrnberg in Deutschland stattfindet.<\/p>\n<p>Besucher finden uns wie im letzten Jahr in <strong>Halle 4A, Stand 508<\/strong>, wo wir unsere<strong> neuesten L\u00f6sungen im Bereich Klebstoffe und Beschichtungen <\/strong>vorstellen, die den wachsenden Anforderungen der Branche an Nachhaltigkeit, Leistung und Effizienz gerecht werden.<\/p>\n<p>\u00dcber die Produktpr\u00e4sentationen hinaus bietet die Veranstaltung eine hervorragende Gelegenheit, die Beziehungen zu Kunden, Partnern und Fachleuten der Branche zu st\u00e4rken. <strong>MORCHEM <\/strong>l\u00e4dt alle Teilnehmer herzlich ein, am Stand vorbeizuschauen, Ideen auszutauschen und in entspannter Atmosph\u00e4re ein Glas Wein oder ein erfrischendes Getr\u00e4nk zu genie\u00dfen.<\/p>\n<p>Die <strong>FACHPACK <\/strong>hat sich zu einem wichtigen Treffpunkt f\u00fcr die Zukunft der Verpackungsbranche entwickelt und zieht \u00fcber 40.000 Fachleute aus ganz Europa an. Die Teilnahme von <strong>MORCHEM<\/strong> unterstreicht das kontinuierliche Engagement des Unternehmens f\u00fcr Innovation, Nachhaltigkeit und enge Zusammenarbeit mit seinen Kunden.<\/p>\n<p>F\u00fcr weitere Informationen wenden Sie sich bitte an Ihren Vertriebskontakt.<\/p>\n<p><a href=\"http:\/\/www.morchem.com\">www.morchem.com<\/a><\/p>\n<p><img loading=\"lazy\" decoding=\"async\" class=\"size-full wp-image-7852 aligncenter\" src=\"https:\/\/www.morchem.com\/wp-content\/uploads\/2025\/08\/1._DE.png\" alt=\"\" width=\"874\" height=\"457\" srcset=\"https:\/\/www.morchem.com\/wp-content\/uploads\/2025\/08\/1._DE.png 874w, https:\/\/www.morchem.com\/wp-content\/uploads\/2025\/08\/1._DE-300x157.png 300w, https:\/\/www.morchem.com\/wp-content\/uploads\/2025\/08\/1._DE-768x402.png 768w, https:\/\/www.morchem.com\/wp-content\/uploads\/2025\/08\/1._DE-705x369.png 705w\" sizes=\"auto, (max-width: 874px) 100vw, 874px\" \/><\/p>\n<\/div><\/section>\n<\/div><span class=\"post-meta-infos\"><\/span><footer class=\"entry-footer\"><\/footer><div class='post_delimiter'><\/div><\/div><div class=\"post_author_timeline\"><\/div><span class='hidden'>\n\t\t\t\t<span class='av-structured-data'  itemprop=\"image\" itemscope=\"itemscope\" itemtype=\"https:\/\/schema.org\/ImageObject\" >\n\t\t\t\t\t\t<span itemprop='url'>https:\/\/www.morchem.com\/wp-content\/uploads\/2021\/05\/morchem-logo-web.jpg<\/span>\n\t\t\t\t\t\t<span itemprop='height'>0<\/span>\n\t\t\t\t\t\t<span itemprop='width'>0<\/span>\n\t\t\t\t<\/span>\n\t\t\t\t<span class='av-structured-data'  itemprop=\"publisher\" itemtype=\"https:\/\/schema.org\/Organization\" itemscope=\"itemscope\" >\n\t\t\t\t\t\t<span itemprop='name'>birgit<\/span>\n\t\t\t\t\t\t<span itemprop='logo' itemscope itemtype='https:\/\/schema.org\/ImageObject'>\n\t\t\t\t\t\t\t<span itemprop='url'>https:\/\/www.morchem.com\/wp-content\/uploads\/2021\/05\/morchem-logo-web.jpg<\/span>\n\t\t\t\t\t\t<\/span>\n\t\t\t\t<\/span><span class='av-structured-data'  itemprop=\"author\" itemscope=\"itemscope\" itemtype=\"https:\/\/schema.org\/Person\" ><span itemprop='name'>birgit<\/span><\/span><span class='av-structured-data'  itemprop=\"datePublished\" datetime=\"2025-08-27T13:57:15+01:00\" >2025-08-27 13:57:15<\/span><span class='av-structured-data'  itemprop=\"dateModified\" itemtype=\"https:\/\/schema.org\/dateModified\" >2025-08-27 13:57:18<\/span><span class='av-structured-data'  itemprop=\"mainEntityOfPage\" itemtype=\"https:\/\/schema.org\/mainEntityOfPage\" ><span itemprop='name'>MORCHEM pr\u00e4sentiert neueste Innovationen im Bereich Klebstoffe und Beschichtungen auf der FACHPACK 2025<\/span><\/span><\/span><\/article><div class='single-big'><nav class='pagination'><span class='pagination-meta'>Seite 1 von 14<\/span><span class='current'>1<\/span><a href='https:\/\/www.morchem.com\/de\/wp-json\/wp\/v2\/pages\/1799\/page\/2\/' class='inactive next_page' >2<\/a><a href='https:\/\/www.morchem.com\/de\/wp-json\/wp\/v2\/pages\/1799\/page\/3\/' class='inactive' >3<\/a><a href='https:\/\/www.morchem.com\/de\/wp-json\/wp\/v2\/pages\/1799\/page\/2\/'>&rsaquo;<\/a><a href='https:\/\/www.morchem.com\/de\/wp-json\/wp\/v2\/pages\/1799\/page\/14\/'>&raquo;<\/a><\/nav>\n<\/div><\/div>\n","protected":false},"excerpt":{"rendered":"","protected":false},"author":1,"featured_media":0,"parent":0,"menu_order":0,"comment_status":"closed","ping_status":"closed","template":"","meta":{"footnotes":""},"class_list":["post-1799","page","type-page","status-publish","hentry"],"_links":{"self":[{"href":"https:\/\/www.morchem.com\/de\/wp-json\/wp\/v2\/pages\/1799","targetHints":{"allow":["GET"]}}],"collection":[{"href":"https:\/\/www.morchem.com\/de\/wp-json\/wp\/v2\/pages"}],"about":[{"href":"https:\/\/www.morchem.com\/de\/wp-json\/wp\/v2\/types\/page"}],"author":[{"embeddable":true,"href":"https:\/\/www.morchem.com\/de\/wp-json\/wp\/v2\/users\/1"}],"replies":[{"embeddable":true,"href":"https:\/\/www.morchem.com\/de\/wp-json\/wp\/v2\/comments?post=1799"}],"version-history":[{"count":0,"href":"https:\/\/www.morchem.com\/de\/wp-json\/wp\/v2\/pages\/1799\/revisions"}],"wp:attachment":[{"href":"https:\/\/www.morchem.com\/de\/wp-json\/wp\/v2\/media?parent=1799"}],"curies":[{"name":"wp","href":"https:\/\/api.w.org\/{rel}","templated":true}]}}